{"id":114,"date":"2023-07-17T13:21:32","date_gmt":"2023-07-17T11:21:32","guid":{"rendered":"https:\/\/rudasrend.hu\/?page_id=114"},"modified":"2023-07-18T21:03:41","modified_gmt":"2023-07-18T19:03:41","slug":"elozmenyek","status":"publish","type":"page","link":"https:\/\/rudasrend.hu\/?page_id=114","title":{"rendered":"El\u0151zm\u00e9nyek"},"content":{"rendered":"\n<p>Hogyan is j\u00f6tt l\u00e9tre a Rudas-rend? \u00cdrta: H\u00e9lisz J\u00f3zsef<\/p>\n\n\n\n<p>Az FTC Bar\u00e1ti K\u00f6r m\u00e1r m\u0171k\u00f6d\u00e9s\u00e9nek kezdete, azaz <strong>dr. Pap\u00e1csy Ervin<\/strong> eln\u00f6ks\u00e9ge \u00f3ta nagy s\u00falyt fektetett arra, hogy ne csak az arra \u00e9rdemes\u00fclt fradista sportol\u00f3kr\u00f3l, edz\u0151kr\u0151l, sportvezet\u0151kr\u0151l eml\u00e9kezzen meg valamely, a p\u00e1lyafut\u00e1sukhoz k\u00f6thet\u0151 alkalomkor vagy \u00e9vfordul\u00f3kor, hanem olyan tagjair\u00f3l is, akik sokat \u201etettek\u201d a Bar\u00e1ti K\u00f6r\u00e9rt. Az ut\u00f3bbiak \u00e1ltal\u00e1ban n\u00e9vre sz\u00f3l\u00f3 eml\u00e9kt\u00e1rgyakat, porcel\u00e1n kulacsokat vagy kors\u00f3kat, esetleg r\u00e9z serlegeket kaptak.<\/p>\n\n\n\n<p><strong>M\u00e9sz\u00e1ros J\u00f3zsef <\/strong>eln\u00f6ks\u00e9ge idej\u00e9n a legal\u00e1bb 10 \u00e9ves tags\u00e1ggal rendelkez\u0151 Bar\u00e1ti K\u00f6r tagok <em>\u201e\u00f6r\u00f6k\u00f6s tagok\u201d<\/em> lettek, amelyr\u0151l n\u00e9vre sz\u00f3l\u00f3 oklevelet kaptak. <strong>Rudas Ferenc<\/strong> eln\u00f6ks\u00e9ge alatt n\u00e9h\u00e1ny arra \u00e9rdemes Bar\u00e1ti K\u00f6r tag n\u00e9vre sz\u00f3l\u00f3 oklev\u00e9llel <em>\u201ekoszor\u00fas tag&#8221;<\/em> lett.<\/p>\n\n\n\n<p>Rudas Ferenc eln\u00f6ks\u00e9gekor <strong>Simon S\u00e1ndor<\/strong> tagt\u00e1rsunk megtervezte a Bar\u00e1ti K\u00f6r jelv\u00e9ny\u00e9t, amelyet a k\u00f6zgy\u0171l\u00e9s elfogadott \u00e9s az FTC akkori eln\u00f6k\u00e9vel f\u0151titk\u00e1rk\u00e9nt j\u00f3v\u00e1hagyattam. (A j\u00f3v\u00e1hagyat\u00e1sra az\u00e9rt volt sz\u00fcks\u00e9g, mert a Bar\u00e1ti K\u00f6r jelv\u00e9nye mag\u00e1ban foglalja az FTC c\u00edmer\u00e9t.) A jelv\u00e9nyt az Orna Kft. gy\u00e1rtotta le a sz\u00fcks\u00e9ges p\u00e9ld\u00e1nysz\u00e1mban, amelyet azt\u00e1n minden tagunk megkaphatott.<\/p>\n\n\n\n<p>Ezzel a kor\u00e1bbi d\u00edjazottakon t\u00fal, akik otthonukban \u0151rizt\u00e9k meg a kapott eml\u00e9kt\u00e1rgyakat, okleveleket&nbsp;&nbsp; lehet\u0151v\u00e9 v\u00e1lt, hogy minden Bar\u00e1ti K\u00f6r tag fels\u0151 ruh\u00e1zat\u00e1n kit\u0171z\u0151k\u00e9nt viselhesse a Bar\u00e1ti K\u00f6r jelv\u00e9ny\u00e9t tan\u00fas\u00e1got tev\u00e9n hovatartoz\u00e1s\u00e1r\u00f3l.<\/p>\n\n\n\n<p>Sok\u00e1ig foglalkoztatott azonban az a gondolat, hogy sz\u00fcks\u00e9g lenne valami olyanra, ami egy sz\u0171kebb k\u00f6rben elismern\u00e9 az FTC-\u00e9rt sokat tev\u0151 Bar\u00e1ti K\u00f6r tagok tev\u00e9kenys\u00e9g\u00e9t \u00e9s j\u00f3 volna, ha ez valamilyen form\u00e1ban nyilv\u00e1noss\u00e1got is kapna.<\/p>\n\n\n\n<p>Amikor elk\u00e9pzel\u00e9semben eljutottam od\u00e1ig, hogy ezt egy kit\u00fcntet\u00e9s form\u00e1j\u00e1ban kellene megval\u00f3s\u00edtani, r\u00e1j\u00f6ttem, hogy nem szerencs\u00e9s ezt olyan n\u00e9ven l\u00e9trehozni, hogy a \u201eBar\u00e1ti K\u00f6r kit\u00fcntet\u00e9se\u201d.<\/p>\n\n\n\n<p>Rudas Ferenc eln\u00f6k\u00fcnkhoz fordultam ezut\u00e1n javaslatommal, akinek tetszett az \u00f6tlet, de \u0151 is \u00fagy \u00e9rezte, hogy valami olyannak kellene nevezni a kit\u00fcntet\u00e9st, amely \u201et\u00f6bbet mond\u201d.<\/p>\n\n\n\n<p>Miut\u00e1n nyilv\u00e1noss\u00e1gra ker\u00fclt, hogy Rudas Ferenc Budapest d\u00edszpolg\u00e1ra lesz, m\u00e1r szinte automatikusan \u201ebeugrott\u201d, hogy ez a kit\u00fcntet\u00e9s viselje az \u0151 nev\u00e9t. Az FTC jubileumi bajnokcsapat kapit\u00e1ny\u00e1nak, a Bar\u00e1ti K\u00f6r hivatalbeli eln\u00f6k\u00e9nek p\u00e1lyafut\u00e1sa nagym\u00e9rt\u00e9kben emeln\u00e9 a kit\u00fcntet\u00e9s s\u00faly\u00e1t.<\/p>\n\n\n\n<p>\u00d6tletemmel ism\u00e9t Rudas Ferenc eln\u00f6k\u00fcnkh\u00f6z fordultam, \u00e9s azt javasoltam neki, hogy d\u00edszpolg\u00e1rs\u00e1gi beiktat\u00e1sakor a sajt\u00f3 nyilv\u00e1noss\u00e1ga el\u0151tt jelentse be, hogy kit\u00fcntet\u00e9st alap\u00edt azok r\u00e9sz\u00e9re, akik nem sportol\u00f3k\u00e9t, edz\u0151k\u00e9nt, sportvezet\u0151k\u00e9nt sokat tettek az FTC-\u00e9rt. Rudas Ferenc mag\u00e1\u00e9v\u00e1 tette a javaslatomat \u00e9s a V\u00e1rosh\u00e1z\u00e1n a d\u00edszpolg\u00e1rr\u00e1 avat\u00e1sakor be is jelentette, hogy ebb\u0151l az alkalomb\u00f3l kit\u00fcntet\u00e9st alap\u00edt.<\/p>\n\n\n\n<p>Ezek ut\u00e1n elindult a megval\u00f3s\u00edt\u00e1si folyamat. Rudas Ferenc elfogadta javaslatomat, hogy a kit\u00fcntet\u00e9s (p\u00e9ld\u00e1ul a M\u00e1ria Ter\u00e9zia-rend mint\u00e1j\u00e1ra) viselje az \u0151, azaz a rend alap\u00edt\u00f3 nev\u00e9t \u00e9s a l\u00e9tsz\u00e1ma az \u0151 23-as v\u00e1logatotts\u00e1gi sz\u00e1m\u00e1ban legyen maxim\u00e1lva.<\/p>\n\n\n\n<p>A kit\u00fcntettek kiv\u00e1laszt\u00e1sa nagy gondoss\u00e1ggal \u00e9s k\u00f6r\u00fcltekint\u00e9ssel j\u00e1rt. El\u0151sz\u00f6r egy k\u00f6zel 40 nevet tartalmaz\u00f3 lista k\u00e9sz\u00fclt el, amely azt\u00e1n fokozatosan sz\u0171k\u00fclt 23-ra.<\/p>\n\n\n\n<p>A fizikai megval\u00f3s\u00edt\u00e1s\u00e9rt ism\u00e9t az Orna Kft.- hez fordultam. A vel\u00fck val\u00f3 egyeztet\u00e9s sor\u00e1n alakult ki a kit\u00fcntet\u00e9s vagy rendjel v\u00e9gleges form\u00e1ja. Z\u00f6ld szalagon l\u00f3g\u00f3 feh\u00e9r szeg\u00e9ly\u0171 z\u00f6ld kereszt, k\u00f6zep\u00e9n a Bar\u00e1ti K\u00f6r jelv\u00e9ny\u00e9vel. A kit\u00fcntet\u00e9shez <strong>Orb\u00e1n Attila<\/strong> tagt\u00e1rsunk sz\u00e1m\u00edt\u00f3g\u00e9pen megtervezte az adom\u00e1nyoz\u00f3 oklev\u00e9l mint\u00e1j\u00e1t a rendi kit\u00fcntet\u00e9ssel, Rudas Ferenc j\u00e1t\u00e9kos korabeli \u00e9s aktu\u00e1lis f\u00e9nyk\u00e9p\u00e9vel, valamint al\u00e1\u00edr\u00e1s\u00e1val.&nbsp; Az oklevelek n\u00e9vre sz\u00f3l\u00f3 p\u00e9ld\u00e1nyait egy sokszoros\u00edt\u00f3 \u00fczem k\u00e9sz\u00edtette el.<\/p>\n\n\n\n<p>Az kit\u00fcntet\u00e9sek \u00e1tad\u00e1sa a 23 rendtagnak Rudas Ferenc n\u00e9vnapj\u00e1n, az FTC labdar\u00fag\u00f3k sz\u00fclet\u00e9snapj\u00e1n 2015. december 3-\u00e1n a Fradi M\u00fazeumban \u00fcnnep\u00e9lyesen ker\u00fclt sor.&nbsp; A rendtagok a rendjel\u00fcket z\u00f6ld sz\u00edn\u0171 diszdobozban vehett\u00e9k \u00e1t az ahhoz tartoz\u00f3 adom\u00e1nyoz\u00f3 oklev\u00e9llel egy\u00fctt a Fradi M\u00fazeum vezet\u0151j\u00e9t\u0151l, <strong>Tobak Csab\u00e1t\u00f3l<\/strong> \u00e9s a Bar\u00e1ti K\u00f6r aleln\u00f6k\u00e9t\u0151l, <strong>dr. Springer Mikl\u00f3st\u00f3l<\/strong>, mivel megromlott eg\u00e9szs\u00e9gi \u00e1llapota miatt a rendalap\u00edt\u00f3 Rudas Ferenc sajnos nem lehetett jelen. Tudtuk azonban, hogy rendalap\u00edt\u00f3nk l\u00e9lekben vel\u00fcnk volt \u00e9s hiszem, hogy oda\u00e1tr\u00f3l most is vel\u00fcnk van. Az esem\u00e9nyr\u0151l a Fradi M\u00e9dia r\u00e9szletesen, egy\u00e9ni interj\u00fakkal kieg\u00e9sz\u00edtve tud\u00f3s\u00edtott.<\/p>\n\n\n\n<p>A rendtagok a kit\u00fcntet\u00e9s t\u0151p\u00e9ld\u00e1ny\u00e1t az \u00e1tad\u00e1si \u00fcnneps\u00e9gen a Fradi M\u00fazeumnak adom\u00e1nyozt\u00e1k. A rendjelek \u00e9s az oklevelek el\u0151\u00e1ll\u00edt\u00e1si k\u00f6lts\u00e9g\u00e9t a Bar\u00e1ti K\u00f6r finansz\u00edrozta.<\/p>\n\n\n\n<p>A kit\u00fcntet\u00e9sek \u00e1tad\u00e1sa ut\u00e1n tudom\u00e1som szerint csak n\u00e9gy szem\u00e9ly kifog\u00e1solta a kimarad\u00e1s\u00e1t. Mivel az eredeti b\u0151 list\u00e1t megsemmis\u00edtettem, nem tudom, hogy a kifog\u00e1sol\u00f3k mindegyike rajta volt-e.<\/p>\n\n\n\n<p>A rend megalap\u00edt\u00e1sa ut\u00e1n <strong>Proh\u00e1szka J\u00e1nos<\/strong> rendt\u00e1rsunk internetes kutat\u00e1ssal kider\u00edtette, hogy a Rudas-rendhez hasonl\u00f3 sport t\u00e1rgy\u00fa kit\u00fcntet\u00e9s sehol sem l\u00e9tezik a vil\u00e1gon.<\/p>\n\n\n\n<p>Ugyancsak Proh\u00e1szka J\u00e1nos rendt\u00e1rsunk k\u00f6zrem\u0171k\u00f6d\u00e9s\u00e9vel k\u00e9sz\u00fclt el k\u00e9s\u0151bb az Orna Kft.-n\u00e9l a Rudas-rend kit\u0171z\u0151je. A t\u00f6bb v\u00e1ltozatban is megtervezett kit\u0171z\u0151 v\u00e9gleges v\u00e1ltozat\u00e1t a rendtagok t\u00f6bbs\u00e9gi szavazattal fogadt\u00e1k el. A kit\u0171z\u0151 a rendjelt\u0151l elt\u00e9r\u0151en z\u00f6ld szeg\u00e9ly\u0171 feh\u00e9r kereszt \u00e9s a k\u00f6zep\u00e9n z\u00f6ld szeg\u00e9ly\u0171 feh\u00e9r k\u00f6rben l\u00e9v\u0151 \u201eR\u201d bet\u0171 alatt c\u00edmerpajzsban az FTC jelv\u00e9ny 3 \u201eE\u201d bet\u0171j\u00e9t tartalmazza. A Bar\u00e1ti K\u00f6r jelv\u00e9ny\u00e9t a kit\u0171z\u0151 az\u00e9rt nem tartalmazhatta, mert annak az elfogathat\u00f3 kicsiny\u00edt\u00e9se megoldhatatlan volt. A kit\u0171z\u0151t a rendt\u00e1rsak k\u00e9t p\u00e9ld\u00e1nyban megkapt\u00e1k \u00e9s viselhetik.<\/p>\n","protected":false},"excerpt":{"rendered":"<p>Hogyan is j\u00f6tt l\u00e9tre a Rudas-rend? \u00cdrta: H\u00e9lisz J\u00f3zsef Az FTC Bar\u00e1ti K\u00f6r m\u00e1r m\u0171k\u00f6d\u00e9s\u00e9nek kezdete, azaz dr. Pap\u00e1csy Ervin eln\u00f6ks\u00e9ge \u00f3ta nagy s\u00falyt fektetett arra, hogy ne csak az arra \u00e9rdemes\u00fclt fradista sportol\u00f3kr\u00f3l, edz\u0151kr\u0151l, sportvezet\u0151kr\u0151l eml\u00e9kezzen meg valamely, a &hellip; <a href=\"https:\/\/rudasrend.hu\/?page_id=114\">Egy kattint\u00e1s ide a folytat\u00e1shoz&#8230;. <span class=\"meta-nav\">&rarr;<\/span><\/a><\/p>\n","protected":false},"author":1,"featured_media":0,"parent":0,"menu_order":0,"comment_status":"closed","ping_status":"closed","template":"","meta":{"_monsterinsights_skip_tracking":false,"_monsterinsights_sitenote_active":false,"_monsterinsights_sitenote_note":"","_monsterinsights_sitenote_category":0,"footnotes":""},"class_list":["post-114","page","type-page","status-publish","hentry"],"yoast_head":"<!-- This site is optimized with the Yoast SEO plugin v26.7 - https:\/\/yoast.com\/wordpress\/plugins\/seo\/ -->\n<title>El\u0151zm\u00e9nyek - Rudas-rend<\/title>\n<meta name=\"robots\" content=\"index, follow, max-snippet:-1, max-image-preview:large, max-video-preview:-1\" \/>\n<link rel=\"canonical\" href=\"https:\/\/rudasrend.hu\/?page_id=114\" \/>\n<meta property=\"og:locale\" content=\"hu_HU\" \/>\n<meta property=\"og:type\" content=\"article\" \/>\n<meta property=\"og:title\" content=\"El\u0151zm\u00e9nyek - Rudas-rend\" \/>\n<meta property=\"og:description\" content=\"Hogyan is j\u00f6tt l\u00e9tre a Rudas-rend? \u00cdrta: H\u00e9lisz J\u00f3zsef Az FTC Bar\u00e1ti K\u00f6r m\u00e1r m\u0171k\u00f6d\u00e9s\u00e9nek kezdete, azaz dr. Pap\u00e1csy Ervin eln\u00f6ks\u00e9ge \u00f3ta nagy s\u00falyt fektetett arra, hogy ne csak az arra \u00e9rdemes\u00fclt fradista sportol\u00f3kr\u00f3l, edz\u0151kr\u0151l, sportvezet\u0151kr\u0151l eml\u00e9kezzen meg valamely, a &hellip; Egy kattint\u00e1s ide a folytat\u00e1shoz.... &rarr;\" \/>\n<meta property=\"og:url\" content=\"https:\/\/rudasrend.hu\/?page_id=114\" \/>\n<meta property=\"og:site_name\" content=\"Rudas-rend\" \/>\n<meta property=\"article:modified_time\" content=\"2023-07-18T19:03:41+00:00\" \/>\n<meta name=\"twitter:card\" content=\"summary_large_image\" \/>\n<meta name=\"twitter:label1\" content=\"Becs\u00fclt olvas\u00e1si id\u0151\" \/>\n\t<meta name=\"twitter:data1\" content=\"4 perc\" \/>\n<script type=\"application\/ld+json\" class=\"yoast-schema-graph\">{\"@context\":\"https:\/\/schema.org\",\"@graph\":[{\"@type\":\"WebPage\",\"@id\":\"https:\/\/rudasrend.hu\/?page_id=114\",\"url\":\"https:\/\/rudasrend.hu\/?page_id=114\",\"name\":\"El\u0151zm\u00e9nyek - Rudas-rend\",\"isPartOf\":{\"@id\":\"https:\/\/rudasrend.hu\/#website\"},\"datePublished\":\"2023-07-17T11:21:32+00:00\",\"dateModified\":\"2023-07-18T19:03:41+00:00\",\"breadcrumb\":{\"@id\":\"https:\/\/rudasrend.hu\/?page_id=114#breadcrumb\"},\"inLanguage\":\"hu\",\"potentialAction\":[{\"@type\":\"ReadAction\",\"target\":[\"https:\/\/rudasrend.hu\/?page_id=114\"]}]},{\"@type\":\"BreadcrumbList\",\"@id\":\"https:\/\/rudasrend.hu\/?page_id=114#breadcrumb\",\"itemListElement\":[{\"@type\":\"ListItem\",\"position\":1,\"name\":\"Home\",\"item\":\"https:\/\/rudasrend.hu\/\"},{\"@type\":\"ListItem\",\"position\":2,\"name\":\"El\u0151zm\u00e9nyek\"}]},{\"@type\":\"WebSite\",\"@id\":\"https:\/\/rudasrend.hu\/#website\",\"url\":\"https:\/\/rudasrend.hu\/\",\"name\":\"Rudas-rend\",\"description\":\"\",\"potentialAction\":[{\"@type\":\"SearchAction\",\"target\":{\"@type\":\"EntryPoint\",\"urlTemplate\":\"https:\/\/rudasrend.hu\/?s={search_term_string}\"},\"query-input\":{\"@type\":\"PropertyValueSpecification\",\"valueRequired\":true,\"valueName\":\"search_term_string\"}}],\"inLanguage\":\"hu\"}]}<\/script>\n<!-- \/ Yoast SEO plugin. -->","yoast_head_json":{"title":"El\u0151zm\u00e9nyek - Rudas-rend","robots":{"index":"index","follow":"follow","max-snippet":"max-snippet:-1","max-image-preview":"max-image-preview:large","max-video-preview":"max-video-preview:-1"},"canonical":"https:\/\/rudasrend.hu\/?page_id=114","og_locale":"hu_HU","og_type":"article","og_title":"El\u0151zm\u00e9nyek - Rudas-rend","og_description":"Hogyan is j\u00f6tt l\u00e9tre a Rudas-rend? \u00cdrta: H\u00e9lisz J\u00f3zsef Az FTC Bar\u00e1ti K\u00f6r m\u00e1r m\u0171k\u00f6d\u00e9s\u00e9nek kezdete, azaz dr. Pap\u00e1csy Ervin eln\u00f6ks\u00e9ge \u00f3ta nagy s\u00falyt fektetett arra, hogy ne csak az arra \u00e9rdemes\u00fclt fradista sportol\u00f3kr\u00f3l, edz\u0151kr\u0151l, sportvezet\u0151kr\u0151l eml\u00e9kezzen meg valamely, a &hellip; Egy kattint\u00e1s ide a folytat\u00e1shoz.... &rarr;","og_url":"https:\/\/rudasrend.hu\/?page_id=114","og_site_name":"Rudas-rend","article_modified_time":"2023-07-18T19:03:41+00:00","twitter_card":"summary_large_image","twitter_misc":{"Becs\u00fclt olvas\u00e1si id\u0151":"4 perc"},"schema":{"@context":"https:\/\/schema.org","@graph":[{"@type":"WebPage","@id":"https:\/\/rudasrend.hu\/?page_id=114","url":"https:\/\/rudasrend.hu\/?page_id=114","name":"El\u0151zm\u00e9nyek - Rudas-rend","isPartOf":{"@id":"https:\/\/rudasrend.hu\/#website"},"datePublished":"2023-07-17T11:21:32+00:00","dateModified":"2023-07-18T19:03:41+00:00","breadcrumb":{"@id":"https:\/\/rudasrend.hu\/?page_id=114#breadcrumb"},"inLanguage":"hu","potentialAction":[{"@type":"ReadAction","target":["https:\/\/rudasrend.hu\/?page_id=114"]}]},{"@type":"BreadcrumbList","@id":"https:\/\/rudasrend.hu\/?page_id=114#breadcrumb","itemListElement":[{"@type":"ListItem","position":1,"name":"Home","item":"https:\/\/rudasrend.hu\/"},{"@type":"ListItem","position":2,"name":"El\u0151zm\u00e9nyek"}]},{"@type":"WebSite","@id":"https:\/\/rudasrend.hu\/#website","url":"https:\/\/rudasrend.hu\/","name":"Rudas-rend","description":"","potentialAction":[{"@type":"SearchAction","target":{"@type":"EntryPoint","urlTemplate":"https:\/\/rudasrend.hu\/?s={search_term_string}"},"query-input":{"@type":"PropertyValueSpecification","valueRequired":true,"valueName":"search_term_string"}}],"inLanguage":"hu"}]}},"_links":{"self":[{"href":"https:\/\/rudasrend.hu\/index.php?rest_route=\/wp\/v2\/pages\/114","targetHints":{"allow":["GET"]}}],"collection":[{"href":"https:\/\/rudasrend.hu\/index.php?rest_route=\/wp\/v2\/pages"}],"about":[{"href":"https:\/\/rudasrend.hu\/index.php?rest_route=\/wp\/v2\/types\/page"}],"author":[{"embeddable":true,"href":"https:\/\/rudasrend.hu\/index.php?rest_route=\/wp\/v2\/users\/1"}],"replies":[{"embeddable":true,"href":"https:\/\/rudasrend.hu\/index.php?rest_route=%2Fwp%2Fv2%2Fcomments&post=114"}],"version-history":[{"count":2,"href":"https:\/\/rudasrend.hu\/index.php?rest_route=\/wp\/v2\/pages\/114\/revisions"}],"predecessor-version":[{"id":117,"href":"https:\/\/rudasrend.hu\/index.php?rest_route=\/wp\/v2\/pages\/114\/revisions\/117"}],"wp:attachment":[{"href":"https:\/\/rudasrend.hu\/index.php?rest_route=%2Fwp%2Fv2%2Fmedia&parent=114"}],"curies":[{"name":"wp","href":"https:\/\/api.w.org\/{rel}","templated":true}]}}