{"id":300,"date":"2025-07-04T16:50:54","date_gmt":"2025-07-04T14:50:54","guid":{"rendered":"https:\/\/rudasrend.hu\/?page_id=300"},"modified":"2025-07-06T12:53:36","modified_gmt":"2025-07-06T10:53:36","slug":"2022-julius-29-2","status":"publish","type":"page","link":"https:\/\/rudasrend.hu\/?page_id=300","title":{"rendered":"2025.07.04."},"content":{"rendered":"\r\n<p>A Rudas-rend m\u0171k\u00f6d\u00e9si szab\u00e1lyzat\u00e1nak megfelel\u0151en a rend alap\u00edt\u00f3j\u00e1nak \u00e9s<br \/>n\u00e9vad\u00f3j\u00e1nak sz\u00fclet\u00e9snapj\u00e1hoz (j\u00falius 6.) k\u00f6zeli id\u0151pontban, id\u00e9n j\u00falius 4-\u00e9n tal\u00e1lkoztak a Rudas-rend tagjai a R\u00e1koskereszt\u00fari \u00faj k\u00f6ztemet\u0151ben, hogy megkoszor\u00fazz\u00e1k Rudas Feri b\u00e1csi s\u00edreml\u00e9k\u00e9t. Huber Szebaszti\u00e1n korjegyz\u0151 r\u00f6vid megeml\u00e9kez\u0151 besz\u00e9de ut\u00e1n a<br \/>Rudas-rend koszor\u00faj\u00e1t Kopeczky Lajos koreln\u00f6k \u00e9s Huber Szebaszti\u00e1n, a Ferencv\u00e1rosi<br \/>Torna Club\u00e9t Tobak Csaba \u00e9s B\u00e1nki J\u00f3zsef helyezte el, majd a tagok egy-egy sz\u00e1l<br \/>feh\u00e9r vir\u00e1ggal ad\u00f3ztak az egykori kiv\u00e1l\u00f3 labdar\u00fag\u00f3 eml\u00e9k\u00e9nek.<br \/><img loading=\"lazy\" decoding=\"async\" class=\"alignnone size-large wp-image-301\" src=\"http:\/\/rudasrend.hu\/wp-content\/uploads\/2025\/07\/RR-20250704-1024x682.jpg\" alt=\"\" width=\"584\" height=\"389\" srcset=\"https:\/\/rudasrend.hu\/wp-content\/uploads\/2025\/07\/RR-20250704-1024x682.jpg 1024w, https:\/\/rudasrend.hu\/wp-content\/uploads\/2025\/07\/RR-20250704-300x200.jpg 300w, https:\/\/rudasrend.hu\/wp-content\/uploads\/2025\/07\/RR-20250704-768x512.jpg 768w, https:\/\/rudasrend.hu\/wp-content\/uploads\/2025\/07\/RR-20250704-1536x1024.jpg 1536w, https:\/\/rudasrend.hu\/wp-content\/uploads\/2025\/07\/RR-20250704-2048x1365.jpg 2048w, https:\/\/rudasrend.hu\/wp-content\/uploads\/2025\/07\/RR-20250704-450x300.jpg 450w\" sizes=\"auto, (max-width: 584px) 100vw, 584px\" \/><\/p>\r\n<p><img loading=\"lazy\" decoding=\"async\" class=\"alignnone size-large wp-image-311\" src=\"http:\/\/rudasrend.hu\/wp-content\/uploads\/2025\/07\/20250704_111358-1024x747.jpg\" alt=\"\" width=\"584\" height=\"426\" srcset=\"https:\/\/rudasrend.hu\/wp-content\/uploads\/2025\/07\/20250704_111358-1024x747.jpg 1024w, https:\/\/rudasrend.hu\/wp-content\/uploads\/2025\/07\/20250704_111358-300x219.jpg 300w, https:\/\/rudasrend.hu\/wp-content\/uploads\/2025\/07\/20250704_111358-768x560.jpg 768w, https:\/\/rudasrend.hu\/wp-content\/uploads\/2025\/07\/20250704_111358-1536x1121.jpg 1536w, https:\/\/rudasrend.hu\/wp-content\/uploads\/2025\/07\/20250704_111358-411x300.jpg 411w, https:\/\/rudasrend.hu\/wp-content\/uploads\/2025\/07\/20250704_111358.jpg 1569w\" sizes=\"auto, (max-width: 584px) 100vw, 584px\" \/><\/p>\r\n<p>Az \u00f6sszej\u00f6vetel a Rudas-rend tagjainak m\u00e1r-m\u00e1r hagyom\u00e1nyos helysz\u00edn\u00e9n, a Gulliver \u00e9tteremben folytat\u00f3dott. <img loading=\"lazy\" decoding=\"async\" class=\"alignnone size-medium wp-image-314\" src=\"http:\/\/rudasrend.hu\/wp-content\/uploads\/2025\/07\/20250704_121823-192x300.jpg\" alt=\"\" width=\"192\" height=\"300\" srcset=\"https:\/\/rudasrend.hu\/wp-content\/uploads\/2025\/07\/20250704_121823-192x300.jpg 192w, https:\/\/rudasrend.hu\/wp-content\/uploads\/2025\/07\/20250704_121823-656x1024.jpg 656w, https:\/\/rudasrend.hu\/wp-content\/uploads\/2025\/07\/20250704_121823-768x1200.jpg 768w, https:\/\/rudasrend.hu\/wp-content\/uploads\/2025\/07\/20250704_121823-983x1536.jpg 983w, https:\/\/rudasrend.hu\/wp-content\/uploads\/2025\/07\/20250704_121823-1311x2048.jpg 1311w, https:\/\/rudasrend.hu\/wp-content\/uploads\/2025\/07\/20250704_121823.jpg 1639w\" sizes=\"auto, (max-width: 192px) 100vw, 192px\" \/>A febru\u00e1rban elhunyt Czikkely Boldizs\u00e1r helyett a tags\u00e1g a m\u0171k\u00f6d\u00e9si szab\u00e1lyzat el\u0151\u00edr\u00e1sainak megfelel\u0151en \u00faj tagot v\u00e1lasztott. Az \u00faj tag, B\u00e1nki J\u00f3zsef lett, aki Kopeczky Lajos m\u00e9ltat\u00f3 szavai mellett vette \u00e1t a kit\u00fcntet\u00e9st \u00e9s az elismer\u0151 oklevelet. <img loading=\"lazy\" decoding=\"async\" class=\"alignnone size-medium wp-image-312\" src=\"http:\/\/rudasrend.hu\/wp-content\/uploads\/2025\/07\/20250704_120308-242x300.jpg\" alt=\"\" width=\"242\" height=\"300\" srcset=\"https:\/\/rudasrend.hu\/wp-content\/uploads\/2025\/07\/20250704_120308-242x300.jpg 242w, https:\/\/rudasrend.hu\/wp-content\/uploads\/2025\/07\/20250704_120308-826x1024.jpg 826w, https:\/\/rudasrend.hu\/wp-content\/uploads\/2025\/07\/20250704_120308-768x952.jpg 768w, https:\/\/rudasrend.hu\/wp-content\/uploads\/2025\/07\/20250704_120308-1239x1536.jpg 1239w, https:\/\/rudasrend.hu\/wp-content\/uploads\/2025\/07\/20250704_120308-1652x2048.jpg 1652w, https:\/\/rudasrend.hu\/wp-content\/uploads\/2025\/07\/20250704_120308.jpg 1662w\" sizes=\"auto, (max-width: 242px) 100vw, 242px\" \/>Koreln\u00f6k\u00fcnk hangs\u00falyozta, hogy Dodi nem a kit\u0171n\u0151 labdar\u00fag\u00f3 p\u00e1lyafut\u00e1s\u00e1val \u00e9rdemelte ki a Rudas-rend tags\u00e1got, hanem azzal a munk\u00e1val, amelyet akt\u00edv p\u00e1lyafut\u00e1s\u00e1nak befejez\u00e9se ut\u00e1n tett \u00e9s tesz szeretett klubj\u00e1\u00e9rt. Dodi meghatottan vette \u00e1t a kit\u00fcntet\u00e9st, elmondta, nagy b\u00fcszkes\u00e9ggel t\u00f6lti el, hogy ennek a klubszinten egyed\u00fcl\u00e1ll\u00f3 rendnek a tagja lehet.<\/p>\r\n<p><img loading=\"lazy\" decoding=\"async\" class=\"alignnone size-large wp-image-313\" src=\"http:\/\/rudasrend.hu\/wp-content\/uploads\/2025\/07\/20250704PGY_111365-1024x711.jpg\" alt=\"\" width=\"584\" height=\"405\" srcset=\"https:\/\/rudasrend.hu\/wp-content\/uploads\/2025\/07\/20250704PGY_111365-1024x711.jpg 1024w, https:\/\/rudasrend.hu\/wp-content\/uploads\/2025\/07\/20250704PGY_111365-300x208.jpg 300w, https:\/\/rudasrend.hu\/wp-content\/uploads\/2025\/07\/20250704PGY_111365-768x533.jpg 768w, https:\/\/rudasrend.hu\/wp-content\/uploads\/2025\/07\/20250704PGY_111365-1536x1066.jpg 1536w, https:\/\/rudasrend.hu\/wp-content\/uploads\/2025\/07\/20250704PGY_111365-2048x1422.jpg 2048w, https:\/\/rudasrend.hu\/wp-content\/uploads\/2025\/07\/20250704PGY_111365-432x300.jpg 432w\" sizes=\"auto, (max-width: 584px) 100vw, 584px\" \/><br \/><br \/><\/p>\r\n\r\n\r\n\r\n<figure>\r\n<p><iframe loading=\"lazy\" title=\"Fradi M\u00e9dia | B\u00e1nki J\u00f3zsef a Rudas-rend \u00faj tagja! | 2025. 07. 04,\" width=\"584\" height=\"329\" src=\"https:\/\/www.youtube.com\/embed\/FYSblWZOCPo?feature=oembed\" frameborder=\"0\" allow=\"accelerometer; autoplay; clipboard-write; encrypted-media; gyroscope; picture-in-picture; web-share\" referrerpolicy=\"strict-origin-when-cross-origin\" allowfullscreen><\/iframe><\/p>\r\n<p>Ez\u00faton is szeretettel k\u00f6sz\u00f6ntj\u00fck B\u00e1nki J\u00f3zsefet a Rudas-rend tagjai sor\u00e1ban.<\/p>\r\n<\/figure>\r\n","protected":false},"excerpt":{"rendered":"<p>A Rudas-rend m\u0171k\u00f6d\u00e9si szab\u00e1lyzat\u00e1nak megfelel\u0151en a rend alap\u00edt\u00f3j\u00e1nak \u00e9sn\u00e9vad\u00f3j\u00e1nak sz\u00fclet\u00e9snapj\u00e1hoz (j\u00falius 6.) k\u00f6zeli id\u0151pontban, id\u00e9n j\u00falius 4-\u00e9n tal\u00e1lkoztak a Rudas-rend tagjai a R\u00e1koskereszt\u00fari \u00faj k\u00f6ztemet\u0151ben, hogy megkoszor\u00fazz\u00e1k Rudas Feri b\u00e1csi s\u00edreml\u00e9k\u00e9t. Huber Szebaszti\u00e1n korjegyz\u0151 r\u00f6vid megeml\u00e9kez\u0151 besz\u00e9de ut\u00e1n aRudas-rend koszor\u00faj\u00e1t &hellip; <a href=\"https:\/\/rudasrend.hu\/?page_id=300\">Egy kattint\u00e1s ide a folytat\u00e1shoz&#8230;. <span class=\"meta-nav\">&rarr;<\/span><\/a><\/p>\n","protected":false},"author":1,"featured_media":0,"parent":72,"menu_order":15,"comment_status":"closed","ping_status":"closed","template":"","meta":{"_monsterinsights_skip_tracking":false,"_monsterinsights_sitenote_active":false,"_monsterinsights_sitenote_note":"","_monsterinsights_sitenote_category":0,"footnotes":""},"class_list":["post-300","page","type-page","status-publish","hentry"],"yoast_head":"<!-- This site is optimized with the Yoast SEO plugin v26.7 - https:\/\/yoast.com\/wordpress\/plugins\/seo\/ -->\n<title>2025.07.04. - Rudas-rend<\/title>\n<meta name=\"robots\" content=\"index, follow, max-snippet:-1, max-image-preview:large, max-video-preview:-1\" \/>\n<link rel=\"canonical\" href=\"http:\/\/rudasrend.hu\/?page_id=300\" \/>\n<meta property=\"og:locale\" content=\"hu_HU\" \/>\n<meta property=\"og:type\" content=\"article\" \/>\n<meta property=\"og:title\" content=\"2025.07.04. - Rudas-rend\" \/>\n<meta property=\"og:description\" content=\"A Rudas-rend m\u0171k\u00f6d\u00e9si szab\u00e1lyzat\u00e1nak megfelel\u0151en a rend alap\u00edt\u00f3j\u00e1nak \u00e9sn\u00e9vad\u00f3j\u00e1nak sz\u00fclet\u00e9snapj\u00e1hoz (j\u00falius 6.) k\u00f6zeli id\u0151pontban, id\u00e9n j\u00falius 4-\u00e9n tal\u00e1lkoztak a Rudas-rend tagjai a R\u00e1koskereszt\u00fari \u00faj k\u00f6ztemet\u0151ben, hogy megkoszor\u00fazz\u00e1k Rudas Feri b\u00e1csi s\u00edreml\u00e9k\u00e9t. Huber Szebaszti\u00e1n korjegyz\u0151 r\u00f6vid megeml\u00e9kez\u0151 besz\u00e9de ut\u00e1n aRudas-rend koszor\u00faj\u00e1t &hellip; Egy kattint\u00e1s ide a folytat\u00e1shoz.... &rarr;\" \/>\n<meta property=\"og:url\" content=\"http:\/\/rudasrend.hu\/?page_id=300\" \/>\n<meta property=\"og:site_name\" content=\"Rudas-rend\" \/>\n<meta property=\"article:modified_time\" content=\"2025-07-06T10:53:36+00:00\" \/>\n<meta property=\"og:image\" content=\"http:\/\/rudasrend.hu\/wp-content\/uploads\/2025\/07\/RR-20250704-1024x682.jpg\" \/>\n<meta name=\"twitter:card\" content=\"summary_large_image\" \/>\n<meta name=\"twitter:label1\" content=\"Becs\u00fclt olvas\u00e1si id\u0151\" \/>\n\t<meta name=\"twitter:data1\" content=\"2 perc\" \/>\n<script type=\"application\/ld+json\" class=\"yoast-schema-graph\">{\"@context\":\"https:\/\/schema.org\",\"@graph\":[{\"@type\":\"WebPage\",\"@id\":\"http:\/\/rudasrend.hu\/?page_id=300\",\"url\":\"http:\/\/rudasrend.hu\/?page_id=300\",\"name\":\"2025.07.04. - Rudas-rend\",\"isPartOf\":{\"@id\":\"https:\/\/rudasrend.hu\/#website\"},\"primaryImageOfPage\":{\"@id\":\"http:\/\/rudasrend.hu\/?page_id=300#primaryimage\"},\"image\":{\"@id\":\"http:\/\/rudasrend.hu\/?page_id=300#primaryimage\"},\"thumbnailUrl\":\"http:\/\/rudasrend.hu\/wp-content\/uploads\/2025\/07\/RR-20250704-1024x682.jpg\",\"datePublished\":\"2025-07-04T14:50:54+00:00\",\"dateModified\":\"2025-07-06T10:53:36+00:00\",\"breadcrumb\":{\"@id\":\"http:\/\/rudasrend.hu\/?page_id=300#breadcrumb\"},\"inLanguage\":\"hu\",\"potentialAction\":[{\"@type\":\"ReadAction\",\"target\":[\"http:\/\/rudasrend.hu\/?page_id=300\"]}]},{\"@type\":\"ImageObject\",\"inLanguage\":\"hu\",\"@id\":\"http:\/\/rudasrend.hu\/?page_id=300#primaryimage\",\"url\":\"https:\/\/rudasrend.hu\/wp-content\/uploads\/2025\/07\/RR-20250704.jpg\",\"contentUrl\":\"https:\/\/rudasrend.hu\/wp-content\/uploads\/2025\/07\/RR-20250704.jpg\",\"width\":2560,\"height\":1706},{\"@type\":\"BreadcrumbList\",\"@id\":\"http:\/\/rudasrend.hu\/?page_id=300#breadcrumb\",\"itemListElement\":[{\"@type\":\"ListItem\",\"position\":1,\"name\":\"Home\",\"item\":\"https:\/\/rudasrend.hu\/\"},{\"@type\":\"ListItem\",\"position\":2,\"name\":\"Tal\u00e1lkoz\u00f3k\",\"item\":\"https:\/\/rudasrend.hu\/?page_id=72\"},{\"@type\":\"ListItem\",\"position\":3,\"name\":\"2025.07.04.\"}]},{\"@type\":\"WebSite\",\"@id\":\"https:\/\/rudasrend.hu\/#website\",\"url\":\"https:\/\/rudasrend.hu\/\",\"name\":\"Rudas-rend\",\"description\":\"\",\"potentialAction\":[{\"@type\":\"SearchAction\",\"target\":{\"@type\":\"EntryPoint\",\"urlTemplate\":\"https:\/\/rudasrend.hu\/?s={search_term_string}\"},\"query-input\":{\"@type\":\"PropertyValueSpecification\",\"valueRequired\":true,\"valueName\":\"search_term_string\"}}],\"inLanguage\":\"hu\"}]}<\/script>\n<!-- \/ Yoast SEO plugin. -->","yoast_head_json":{"title":"2025.07.04. - Rudas-rend","robots":{"index":"index","follow":"follow","max-snippet":"max-snippet:-1","max-image-preview":"max-image-preview:large","max-video-preview":"max-video-preview:-1"},"canonical":"http:\/\/rudasrend.hu\/?page_id=300","og_locale":"hu_HU","og_type":"article","og_title":"2025.07.04. - Rudas-rend","og_description":"A Rudas-rend m\u0171k\u00f6d\u00e9si szab\u00e1lyzat\u00e1nak megfelel\u0151en a rend alap\u00edt\u00f3j\u00e1nak \u00e9sn\u00e9vad\u00f3j\u00e1nak sz\u00fclet\u00e9snapj\u00e1hoz (j\u00falius 6.) k\u00f6zeli id\u0151pontban, id\u00e9n j\u00falius 4-\u00e9n tal\u00e1lkoztak a Rudas-rend tagjai a R\u00e1koskereszt\u00fari \u00faj k\u00f6ztemet\u0151ben, hogy megkoszor\u00fazz\u00e1k Rudas Feri b\u00e1csi s\u00edreml\u00e9k\u00e9t. Huber Szebaszti\u00e1n korjegyz\u0151 r\u00f6vid megeml\u00e9kez\u0151 besz\u00e9de ut\u00e1n aRudas-rend koszor\u00faj\u00e1t &hellip; Egy kattint\u00e1s ide a folytat\u00e1shoz.... &rarr;","og_url":"http:\/\/rudasrend.hu\/?page_id=300","og_site_name":"Rudas-rend","article_modified_time":"2025-07-06T10:53:36+00:00","og_image":[{"url":"http:\/\/rudasrend.hu\/wp-content\/uploads\/2025\/07\/RR-20250704-1024x682.jpg","type":"","width":"","height":""}],"twitter_card":"summary_large_image","twitter_misc":{"Becs\u00fclt olvas\u00e1si id\u0151":"2 perc"},"schema":{"@context":"https:\/\/schema.org","@graph":[{"@type":"WebPage","@id":"http:\/\/rudasrend.hu\/?page_id=300","url":"http:\/\/rudasrend.hu\/?page_id=300","name":"2025.07.04. - Rudas-rend","isPartOf":{"@id":"https:\/\/rudasrend.hu\/#website"},"primaryImageOfPage":{"@id":"http:\/\/rudasrend.hu\/?page_id=300#primaryimage"},"image":{"@id":"http:\/\/rudasrend.hu\/?page_id=300#primaryimage"},"thumbnailUrl":"http:\/\/rudasrend.hu\/wp-content\/uploads\/2025\/07\/RR-20250704-1024x682.jpg","datePublished":"2025-07-04T14:50:54+00:00","dateModified":"2025-07-06T10:53:36+00:00","breadcrumb":{"@id":"http:\/\/rudasrend.hu\/?page_id=300#breadcrumb"},"inLanguage":"hu","potentialAction":[{"@type":"ReadAction","target":["http:\/\/rudasrend.hu\/?page_id=300"]}]},{"@type":"ImageObject","inLanguage":"hu","@id":"http:\/\/rudasrend.hu\/?page_id=300#primaryimage","url":"https:\/\/rudasrend.hu\/wp-content\/uploads\/2025\/07\/RR-20250704.jpg","contentUrl":"https:\/\/rudasrend.hu\/wp-content\/uploads\/2025\/07\/RR-20250704.jpg","width":2560,"height":1706},{"@type":"BreadcrumbList","@id":"http:\/\/rudasrend.hu\/?page_id=300#breadcrumb","itemListElement":[{"@type":"ListItem","position":1,"name":"Home","item":"https:\/\/rudasrend.hu\/"},{"@type":"ListItem","position":2,"name":"Tal\u00e1lkoz\u00f3k","item":"https:\/\/rudasrend.hu\/?page_id=72"},{"@type":"ListItem","position":3,"name":"2025.07.04."}]},{"@type":"WebSite","@id":"https:\/\/rudasrend.hu\/#website","url":"https:\/\/rudasrend.hu\/","name":"Rudas-rend","description":"","potentialAction":[{"@type":"SearchAction","target":{"@type":"EntryPoint","urlTemplate":"https:\/\/rudasrend.hu\/?s={search_term_string}"},"query-input":{"@type":"PropertyValueSpecification","valueRequired":true,"valueName":"search_term_string"}}],"inLanguage":"hu"}]}},"_links":{"self":[{"href":"https:\/\/rudasrend.hu\/index.php?rest_route=\/wp\/v2\/pages\/300","targetHints":{"allow":["GET"]}}],"collection":[{"href":"https:\/\/rudasrend.hu\/index.php?rest_route=\/wp\/v2\/pages"}],"about":[{"href":"https:\/\/rudasrend.hu\/index.php?rest_route=\/wp\/v2\/types\/page"}],"author":[{"embeddable":true,"href":"https:\/\/rudasrend.hu\/index.php?rest_route=\/wp\/v2\/users\/1"}],"replies":[{"embeddable":true,"href":"https:\/\/rudasrend.hu\/index.php?rest_route=%2Fwp%2Fv2%2Fcomments&post=300"}],"version-history":[{"count":6,"href":"https:\/\/rudasrend.hu\/index.php?rest_route=\/wp\/v2\/pages\/300\/revisions"}],"predecessor-version":[{"id":309,"href":"https:\/\/rudasrend.hu\/index.php?rest_route=\/wp\/v2\/pages\/300\/revisions\/309"}],"up":[{"embeddable":true,"href":"https:\/\/rudasrend.hu\/index.php?rest_route=\/wp\/v2\/pages\/72"}],"wp:attachment":[{"href":"https:\/\/rudasrend.hu\/index.php?rest_route=%2Fwp%2Fv2%2Fmedia&parent=300"}],"curies":[{"name":"wp","href":"https:\/\/api.w.org\/{rel}","templated":true}]}}