{"id":361,"date":"2025-12-05T17:47:28","date_gmt":"2025-12-05T16:47:28","guid":{"rendered":"https:\/\/rudasrend.hu\/?page_id=361"},"modified":"2025-12-05T17:48:20","modified_gmt":"2025-12-05T16:48:20","slug":"2025-12-03","status":"publish","type":"page","link":"https:\/\/rudasrend.hu\/?page_id=361","title":{"rendered":"2025.12.03."},"content":{"rendered":"\r\n<p style=\"font-weight: 400;\">Az FTC labdar\u00fag\u00f3-szakoszt\u00e1ly 125. sz\u00fclet\u00e9snapj\u00e1nak az FTC-MVM N\u00e9pligeti Sportk\u00f6zpontban tartott \u00fcnneps\u00e9g\u00e9n, imm\u00e1r hagyom\u00e1nyosan, megh\u00edvottk\u00e9nt mi is, a Rudas-rend tagjai is r\u00e9szt vett\u00fcnk. A tavaly felavatott Borb\u00e1s-szoborn\u00e1l tartott megeml\u00e9kez\u00e9s\u00a0 ut\u00e1n \u00e1tvonultunk a Liget \u00e9tterembe, ahol megtartottuk szok\u00e1sos \u00e9v v\u00e9gi \u00f6sszej\u00f6vetel\u00fcnket. Az \u00f6sszej\u00f6vetelnek ez\u00fattal k\u00fcl\u00f6n\u00f6s jelent\u0151s\u00e9get adott, hogy itt k\u00f6sz\u00f6nt\u00f6tt\u00fck \u00faj tagt\u00e1rsainkat, <strong>Dr. Alm\u00e1ssy Korn\u00e9lt, Gabrovitz Zolt\u00e1nt<\/strong> \u00e9s <strong>Moln\u00e1r P\u00e9tert<\/strong>, akiket a k\u00f6zelm\u00faltban elhunyt t\u00e1rsaink &#8211; r\u00f3luk egy perces n\u00e9ma tisztelg\u00e9ssel eml\u00e9kezt\u00fcnk meg &#8211; \u00f6r\u00f6k\u00e9be v\u00e1lasztottunk. A &#8222;hivatalos formas\u00e1gok&#8221; elint\u00e9z\u00e9se ut\u00e1n j\u00f6tt a szok\u00e1sosnak mondhat\u00f3 t\u00e1rsalg\u00e1s, amelyek k\u00f6zponti t\u00e9m\u00e1ja term\u00e9szetesen a Fradi volt.<\/p>\r\n<p><img loading=\"lazy\" decoding=\"async\" class=\"alignnone size-large wp-image-356\" src=\"http:\/\/rudasrend.hu\/wp-content\/uploads\/2025\/12\/3821de0b-7495-42c1-b11e-98a8a0e12d9b-1024x683.jpg\" alt=\"\" width=\"584\" height=\"390\" srcset=\"https:\/\/rudasrend.hu\/wp-content\/uploads\/2025\/12\/3821de0b-7495-42c1-b11e-98a8a0e12d9b-1024x683.jpg 1024w, https:\/\/rudasrend.hu\/wp-content\/uploads\/2025\/12\/3821de0b-7495-42c1-b11e-98a8a0e12d9b-300x200.jpg 300w, https:\/\/rudasrend.hu\/wp-content\/uploads\/2025\/12\/3821de0b-7495-42c1-b11e-98a8a0e12d9b-768x512.jpg 768w, https:\/\/rudasrend.hu\/wp-content\/uploads\/2025\/12\/3821de0b-7495-42c1-b11e-98a8a0e12d9b-1536x1024.jpg 1536w, https:\/\/rudasrend.hu\/wp-content\/uploads\/2025\/12\/3821de0b-7495-42c1-b11e-98a8a0e12d9b-450x300.jpg 450w, https:\/\/rudasrend.hu\/wp-content\/uploads\/2025\/12\/3821de0b-7495-42c1-b11e-98a8a0e12d9b.jpg 2048w\" sizes=\"auto, (max-width: 584px) 100vw, 584px\" \/><\/p>\r\n<p><img loading=\"lazy\" decoding=\"async\" class=\"alignnone size-large wp-image-363\" src=\"http:\/\/rudasrend.hu\/wp-content\/uploads\/2025\/12\/55e1fd39-e3be-4365-b1ec-c031b84e330e-1024x683.jpg\" alt=\"\" width=\"584\" height=\"390\" srcset=\"https:\/\/rudasrend.hu\/wp-content\/uploads\/2025\/12\/55e1fd39-e3be-4365-b1ec-c031b84e330e-1024x683.jpg 1024w, https:\/\/rudasrend.hu\/wp-content\/uploads\/2025\/12\/55e1fd39-e3be-4365-b1ec-c031b84e330e-300x200.jpg 300w, https:\/\/rudasrend.hu\/wp-content\/uploads\/2025\/12\/55e1fd39-e3be-4365-b1ec-c031b84e330e-768x512.jpg 768w, https:\/\/rudasrend.hu\/wp-content\/uploads\/2025\/12\/55e1fd39-e3be-4365-b1ec-c031b84e330e-1536x1024.jpg 1536w, https:\/\/rudasrend.hu\/wp-content\/uploads\/2025\/12\/55e1fd39-e3be-4365-b1ec-c031b84e330e-450x300.jpg 450w, https:\/\/rudasrend.hu\/wp-content\/uploads\/2025\/12\/55e1fd39-e3be-4365-b1ec-c031b84e330e.jpg 2048w\" sizes=\"auto, (max-width: 584px) 100vw, 584px\" \/><\/p>\r\n<p><img loading=\"lazy\" decoding=\"async\" class=\"alignnone size-large wp-image-364\" src=\"http:\/\/rudasrend.hu\/wp-content\/uploads\/2025\/12\/78c509fd-0178-477d-a475-f09eb5820f45-1024x683.jpg\" alt=\"\" width=\"584\" height=\"390\" srcset=\"https:\/\/rudasrend.hu\/wp-content\/uploads\/2025\/12\/78c509fd-0178-477d-a475-f09eb5820f45-1024x683.jpg 1024w, https:\/\/rudasrend.hu\/wp-content\/uploads\/2025\/12\/78c509fd-0178-477d-a475-f09eb5820f45-300x200.jpg 300w, https:\/\/rudasrend.hu\/wp-content\/uploads\/2025\/12\/78c509fd-0178-477d-a475-f09eb5820f45-768x512.jpg 768w, https:\/\/rudasrend.hu\/wp-content\/uploads\/2025\/12\/78c509fd-0178-477d-a475-f09eb5820f45-1536x1024.jpg 1536w, https:\/\/rudasrend.hu\/wp-content\/uploads\/2025\/12\/78c509fd-0178-477d-a475-f09eb5820f45-450x300.jpg 450w, https:\/\/rudasrend.hu\/wp-content\/uploads\/2025\/12\/78c509fd-0178-477d-a475-f09eb5820f45.jpg 2048w\" sizes=\"auto, (max-width: 584px) 100vw, 584px\" \/><\/p>\r\n<p>&nbsp;<\/p>\r\n<p>&nbsp;<\/p>\r\n<p>&nbsp;<\/p>\r\n<p>&nbsp;<\/p>\r\n<p>&nbsp;<\/p>\r\n\r\n\r\n","protected":false},"excerpt":{"rendered":"<p>Az FTC labdar\u00fag\u00f3-szakoszt\u00e1ly 125. sz\u00fclet\u00e9snapj\u00e1nak az FTC-MVM N\u00e9pligeti Sportk\u00f6zpontban tartott \u00fcnneps\u00e9g\u00e9n, imm\u00e1r hagyom\u00e1nyosan, megh\u00edvottk\u00e9nt mi is, a Rudas-rend tagjai is r\u00e9szt vett\u00fcnk. A tavaly felavatott Borb\u00e1s-szoborn\u00e1l tartott megeml\u00e9kez\u00e9s\u00a0 ut\u00e1n \u00e1tvonultunk a Liget \u00e9tterembe, ahol megtartottuk szok\u00e1sos \u00e9v v\u00e9gi \u00f6sszej\u00f6vetel\u00fcnket. Az &hellip; <a href=\"https:\/\/rudasrend.hu\/?page_id=361\">Egy kattint\u00e1s ide a folytat\u00e1shoz&#8230;. <span class=\"meta-nav\">&rarr;<\/span><\/a><\/p>\n","protected":false},"author":1,"featured_media":0,"parent":72,"menu_order":15,"comment_status":"closed","ping_status":"closed","template":"","meta":{"_monsterinsights_skip_tracking":false,"_monsterinsights_sitenote_active":false,"_monsterinsights_sitenote_note":"","_monsterinsights_sitenote_category":0,"footnotes":""},"class_list":["post-361","page","type-page","status-publish","hentry"],"yoast_head":"<!-- This site is optimized with the Yoast SEO plugin v26.7 - https:\/\/yoast.com\/wordpress\/plugins\/seo\/ -->\n<title>2025.12.03. - Rudas-rend<\/title>\n<meta name=\"robots\" content=\"index, follow, max-snippet:-1, max-image-preview:large, max-video-preview:-1\" \/>\n<link rel=\"canonical\" href=\"https:\/\/rudasrend.hu\/?page_id=361\" \/>\n<meta property=\"og:locale\" content=\"hu_HU\" \/>\n<meta property=\"og:type\" content=\"article\" \/>\n<meta property=\"og:title\" content=\"2025.12.03. - Rudas-rend\" \/>\n<meta property=\"og:description\" content=\"Az FTC labdar\u00fag\u00f3-szakoszt\u00e1ly 125. sz\u00fclet\u00e9snapj\u00e1nak az FTC-MVM N\u00e9pligeti Sportk\u00f6zpontban tartott \u00fcnneps\u00e9g\u00e9n, imm\u00e1r hagyom\u00e1nyosan, megh\u00edvottk\u00e9nt mi is, a Rudas-rend tagjai is r\u00e9szt vett\u00fcnk. A tavaly felavatott Borb\u00e1s-szoborn\u00e1l tartott megeml\u00e9kez\u00e9s\u00a0 ut\u00e1n \u00e1tvonultunk a Liget \u00e9tterembe, ahol megtartottuk szok\u00e1sos \u00e9v v\u00e9gi \u00f6sszej\u00f6vetel\u00fcnket. Az &hellip; Egy kattint\u00e1s ide a folytat\u00e1shoz.... &rarr;\" \/>\n<meta property=\"og:url\" content=\"https:\/\/rudasrend.hu\/?page_id=361\" \/>\n<meta property=\"og:site_name\" content=\"Rudas-rend\" \/>\n<meta property=\"article:modified_time\" content=\"2025-12-05T16:48:20+00:00\" \/>\n<meta property=\"og:image\" content=\"http:\/\/rudasrend.hu\/wp-content\/uploads\/2025\/12\/3821de0b-7495-42c1-b11e-98a8a0e12d9b-1024x683.jpg\" \/>\n<meta name=\"twitter:card\" content=\"summary_large_image\" \/>\n<meta name=\"twitter:label1\" content=\"Becs\u00fclt olvas\u00e1si id\u0151\" \/>\n\t<meta name=\"twitter:data1\" content=\"2 perc\" \/>\n<script type=\"application\/ld+json\" class=\"yoast-schema-graph\">{\"@context\":\"https:\/\/schema.org\",\"@graph\":[{\"@type\":\"WebPage\",\"@id\":\"https:\/\/rudasrend.hu\/?page_id=361\",\"url\":\"https:\/\/rudasrend.hu\/?page_id=361\",\"name\":\"2025.12.03. - Rudas-rend\",\"isPartOf\":{\"@id\":\"https:\/\/rudasrend.hu\/#website\"},\"primaryImageOfPage\":{\"@id\":\"https:\/\/rudasrend.hu\/?page_id=361#primaryimage\"},\"image\":{\"@id\":\"https:\/\/rudasrend.hu\/?page_id=361#primaryimage\"},\"thumbnailUrl\":\"http:\/\/rudasrend.hu\/wp-content\/uploads\/2025\/12\/3821de0b-7495-42c1-b11e-98a8a0e12d9b-1024x683.jpg\",\"datePublished\":\"2025-12-05T16:47:28+00:00\",\"dateModified\":\"2025-12-05T16:48:20+00:00\",\"breadcrumb\":{\"@id\":\"https:\/\/rudasrend.hu\/?page_id=361#breadcrumb\"},\"inLanguage\":\"hu\",\"potentialAction\":[{\"@type\":\"ReadAction\",\"target\":[\"https:\/\/rudasrend.hu\/?page_id=361\"]}]},{\"@type\":\"ImageObject\",\"inLanguage\":\"hu\",\"@id\":\"https:\/\/rudasrend.hu\/?page_id=361#primaryimage\",\"url\":\"https:\/\/rudasrend.hu\/wp-content\/uploads\/2025\/12\/3821de0b-7495-42c1-b11e-98a8a0e12d9b.jpg\",\"contentUrl\":\"https:\/\/rudasrend.hu\/wp-content\/uploads\/2025\/12\/3821de0b-7495-42c1-b11e-98a8a0e12d9b.jpg\",\"width\":2048,\"height\":1365},{\"@type\":\"BreadcrumbList\",\"@id\":\"https:\/\/rudasrend.hu\/?page_id=361#breadcrumb\",\"itemListElement\":[{\"@type\":\"ListItem\",\"position\":1,\"name\":\"Home\",\"item\":\"https:\/\/rudasrend.hu\/\"},{\"@type\":\"ListItem\",\"position\":2,\"name\":\"Tal\u00e1lkoz\u00f3k\",\"item\":\"https:\/\/rudasrend.hu\/?page_id=72\"},{\"@type\":\"ListItem\",\"position\":3,\"name\":\"2025.12.03.\"}]},{\"@type\":\"WebSite\",\"@id\":\"https:\/\/rudasrend.hu\/#website\",\"url\":\"https:\/\/rudasrend.hu\/\",\"name\":\"Rudas-rend\",\"description\":\"\",\"potentialAction\":[{\"@type\":\"SearchAction\",\"target\":{\"@type\":\"EntryPoint\",\"urlTemplate\":\"https:\/\/rudasrend.hu\/?s={search_term_string}\"},\"query-input\":{\"@type\":\"PropertyValueSpecification\",\"valueRequired\":true,\"valueName\":\"search_term_string\"}}],\"inLanguage\":\"hu\"}]}<\/script>\n<!-- \/ Yoast SEO plugin. -->","yoast_head_json":{"title":"2025.12.03. - Rudas-rend","robots":{"index":"index","follow":"follow","max-snippet":"max-snippet:-1","max-image-preview":"max-image-preview:large","max-video-preview":"max-video-preview:-1"},"canonical":"https:\/\/rudasrend.hu\/?page_id=361","og_locale":"hu_HU","og_type":"article","og_title":"2025.12.03. - Rudas-rend","og_description":"Az FTC labdar\u00fag\u00f3-szakoszt\u00e1ly 125. sz\u00fclet\u00e9snapj\u00e1nak az FTC-MVM N\u00e9pligeti Sportk\u00f6zpontban tartott \u00fcnneps\u00e9g\u00e9n, imm\u00e1r hagyom\u00e1nyosan, megh\u00edvottk\u00e9nt mi is, a Rudas-rend tagjai is r\u00e9szt vett\u00fcnk. A tavaly felavatott Borb\u00e1s-szoborn\u00e1l tartott megeml\u00e9kez\u00e9s\u00a0 ut\u00e1n \u00e1tvonultunk a Liget \u00e9tterembe, ahol megtartottuk szok\u00e1sos \u00e9v v\u00e9gi \u00f6sszej\u00f6vetel\u00fcnket. Az &hellip; Egy kattint\u00e1s ide a folytat\u00e1shoz.... &rarr;","og_url":"https:\/\/rudasrend.hu\/?page_id=361","og_site_name":"Rudas-rend","article_modified_time":"2025-12-05T16:48:20+00:00","og_image":[{"url":"http:\/\/rudasrend.hu\/wp-content\/uploads\/2025\/12\/3821de0b-7495-42c1-b11e-98a8a0e12d9b-1024x683.jpg","type":"","width":"","height":""}],"twitter_card":"summary_large_image","twitter_misc":{"Becs\u00fclt olvas\u00e1si id\u0151":"2 perc"},"schema":{"@context":"https:\/\/schema.org","@graph":[{"@type":"WebPage","@id":"https:\/\/rudasrend.hu\/?page_id=361","url":"https:\/\/rudasrend.hu\/?page_id=361","name":"2025.12.03. - Rudas-rend","isPartOf":{"@id":"https:\/\/rudasrend.hu\/#website"},"primaryImageOfPage":{"@id":"https:\/\/rudasrend.hu\/?page_id=361#primaryimage"},"image":{"@id":"https:\/\/rudasrend.hu\/?page_id=361#primaryimage"},"thumbnailUrl":"http:\/\/rudasrend.hu\/wp-content\/uploads\/2025\/12\/3821de0b-7495-42c1-b11e-98a8a0e12d9b-1024x683.jpg","datePublished":"2025-12-05T16:47:28+00:00","dateModified":"2025-12-05T16:48:20+00:00","breadcrumb":{"@id":"https:\/\/rudasrend.hu\/?page_id=361#breadcrumb"},"inLanguage":"hu","potentialAction":[{"@type":"ReadAction","target":["https:\/\/rudasrend.hu\/?page_id=361"]}]},{"@type":"ImageObject","inLanguage":"hu","@id":"https:\/\/rudasrend.hu\/?page_id=361#primaryimage","url":"https:\/\/rudasrend.hu\/wp-content\/uploads\/2025\/12\/3821de0b-7495-42c1-b11e-98a8a0e12d9b.jpg","contentUrl":"https:\/\/rudasrend.hu\/wp-content\/uploads\/2025\/12\/3821de0b-7495-42c1-b11e-98a8a0e12d9b.jpg","width":2048,"height":1365},{"@type":"BreadcrumbList","@id":"https:\/\/rudasrend.hu\/?page_id=361#breadcrumb","itemListElement":[{"@type":"ListItem","position":1,"name":"Home","item":"https:\/\/rudasrend.hu\/"},{"@type":"ListItem","position":2,"name":"Tal\u00e1lkoz\u00f3k","item":"https:\/\/rudasrend.hu\/?page_id=72"},{"@type":"ListItem","position":3,"name":"2025.12.03."}]},{"@type":"WebSite","@id":"https:\/\/rudasrend.hu\/#website","url":"https:\/\/rudasrend.hu\/","name":"Rudas-rend","description":"","potentialAction":[{"@type":"SearchAction","target":{"@type":"EntryPoint","urlTemplate":"https:\/\/rudasrend.hu\/?s={search_term_string}"},"query-input":{"@type":"PropertyValueSpecification","valueRequired":true,"valueName":"search_term_string"}}],"inLanguage":"hu"}]}},"_links":{"self":[{"href":"https:\/\/rudasrend.hu\/index.php?rest_route=\/wp\/v2\/pages\/361","targetHints":{"allow":["GET"]}}],"collection":[{"href":"https:\/\/rudasrend.hu\/index.php?rest_route=\/wp\/v2\/pages"}],"about":[{"href":"https:\/\/rudasrend.hu\/index.php?rest_route=\/wp\/v2\/types\/page"}],"author":[{"embeddable":true,"href":"https:\/\/rudasrend.hu\/index.php?rest_route=\/wp\/v2\/users\/1"}],"replies":[{"embeddable":true,"href":"https:\/\/rudasrend.hu\/index.php?rest_route=%2Fwp%2Fv2%2Fcomments&post=361"}],"version-history":[{"count":1,"href":"https:\/\/rudasrend.hu\/index.php?rest_route=\/wp\/v2\/pages\/361\/revisions"}],"predecessor-version":[{"id":365,"href":"https:\/\/rudasrend.hu\/index.php?rest_route=\/wp\/v2\/pages\/361\/revisions\/365"}],"up":[{"embeddable":true,"href":"https:\/\/rudasrend.hu\/index.php?rest_route=\/wp\/v2\/pages\/72"}],"wp:attachment":[{"href":"https:\/\/rudasrend.hu\/index.php?rest_route=%2Fwp%2Fv2%2Fmedia&parent=361"}],"curies":[{"name":"wp","href":"https:\/\/api.w.org\/{rel}","templated":true}]}}